{"id":932,"date":"2021-06-01T08:52:09","date_gmt":"2021-06-01T06:52:09","guid":{"rendered":"http:\/\/www.llhm.lu\/?page_id=932"},"modified":"2021-06-01T10:04:57","modified_gmt":"2021-06-01T08:04:57","slug":"soutien-a-lemploi","status":"publish","type":"page","link":"http:\/\/www.llhm.lu\/?page_id=932","title":{"rendered":"Soutien \u00e0 l&#8217;emploi"},"content":{"rendered":"\n<div class=\"wp-block-image\"><figure class=\"aligncenter size-large is-resized\"><img loading=\"lazy\" decoding=\"async\" src=\"http:\/\/www.llhm.lu\/wp-content\/uploads\/jobsearch-1-1024x758.jpg\" alt=\"\" class=\"wp-image-934\" width=\"492\" height=\"363\" srcset=\"http:\/\/www.llhm.lu\/wp-content\/uploads\/jobsearch-1-1024x758.jpg 1024w, http:\/\/www.llhm.lu\/wp-content\/uploads\/jobsearch-1-300x222.jpg 300w, http:\/\/www.llhm.lu\/wp-content\/uploads\/jobsearch-1-150x111.jpg 150w, http:\/\/www.llhm.lu\/wp-content\/uploads\/jobsearch-1-1536x1136.jpg 1536w, http:\/\/www.llhm.lu\/wp-content\/uploads\/jobsearch-1-2048x1515.jpg 2048w\" sizes=\"(max-width: 492px) 100vw, 492px\" \/><\/figure><\/div>\n\n\n<p>Le service Soutien \u00e0 l\u2019Emploi s\u2019adresse \u00e0 toute personne qui pr\u00e9sente une fragilit\u00e9 psychique et qui :<\/p>\n<ul>\n<li>Ressent le besoin d\u2019une orientation professionnelle<\/li>\n<li>Souhaite \u00eatre accompagn\u00e9e dans ses d\u00e9marches administratives li\u00e9es \u00e0 sa situation professionnelle : Adem, Onis, Employeurs, Ateliers, etc.<\/li>\n<li>Aurait besoin d\u2019un soutien\/accompagnement dans son emploi<\/li>\n<li>Aurait besoin d\u2019une activation avant l\u2019emploi : formation, b\u00e9n\u00e9volat, stage, etc.<\/li>\n<li>Recherche un emploi que ce soit sur le march\u00e9 ordinaire ou le march\u00e9 prot\u00e9g\u00e9<\/li>\n<\/ul>\n<p>Nos agents d\u2019insertion sp\u00e9cialis\u00e9s proposent un accompagnement modul\u00e9 en fonction des besoins de l\u2019usager. Un r\u00e9f\u00e9rent unique accompagnera l\u2019usager lors de rendez-vous individuels.<\/p>\n\n\n<hr class=\"wp-block-separator\"\/>\n\n\n\n<div class=\"wp-block-image\"><figure class=\"alignleft size-large is-resized\"><img loading=\"lazy\" decoding=\"async\" src=\"http:\/\/www.llhm.lu\/wp-content\/uploads\/iStock-855467064-Converti-1-1024x967.jpg\" alt=\"\" class=\"wp-image-983\" width=\"206\" height=\"195\" srcset=\"http:\/\/www.llhm.lu\/wp-content\/uploads\/iStock-855467064-Converti-1-1024x967.jpg 1024w, http:\/\/www.llhm.lu\/wp-content\/uploads\/iStock-855467064-Converti-1-300x283.jpg 300w, http:\/\/www.llhm.lu\/wp-content\/uploads\/iStock-855467064-Converti-1-150x142.jpg 150w, http:\/\/www.llhm.lu\/wp-content\/uploads\/iStock-855467064-Converti-1-1536x1451.jpg 1536w, http:\/\/www.llhm.lu\/wp-content\/uploads\/iStock-855467064-Converti-1-2048x1935.jpg 2048w\" sizes=\"(max-width: 206px) 100vw, 206px\" \/><\/figure><\/div>\n\n\n\n<p>L\u2019objectif est d\u2019accompagner les personnes pr\u00e9sentant une fragilit\u00e9 psychique et\/ou maladie mentale \u00e0 trouver et conserver un travail ou une activit\u00e9. Le soutien en emploi encourage le r\u00e9tablissement des usagers voulant reprendre une activit\u00e9 en les soutenant dans leurs efforts pour r\u00e9ussir leur insertion socio-professionnelle. Il s\u2019agit ainsi d\u2019int\u00e9grer la valeur \u00ab travail \u00bb dans le processus de r\u00e9habilitation psychosociale de la personne.<\/p>\n\n\n\n<p>Si la personne le souhaite, nous tenons compte des personnes ressources, professionnelles ou priv\u00e9es, et nous les rencontrons si n\u00e9cessaire.<\/p>\n\n\n\n<p>Nous proposons une prise en charge de qualit\u00e9 \u00e0 travers l\u2019\u00e9coute, le soutien et l\u2019accompagnement.<\/p>\n\n\n\n<hr class=\"wp-block-separator\"\/>\n\n\n\n<div class=\"wp-block-image\"><figure class=\"alignleft size-large is-resized\"><img loading=\"lazy\" decoding=\"async\" src=\"http:\/\/www.llhm.lu\/wp-content\/uploads\/iStock-670476928-Converti.jpg\" alt=\"\" class=\"wp-image-984\" width=\"206\" height=\"155\" srcset=\"http:\/\/www.llhm.lu\/wp-content\/uploads\/iStock-670476928-Converti.jpg 1004w, http:\/\/www.llhm.lu\/wp-content\/uploads\/iStock-670476928-Converti-300x225.jpg 300w, http:\/\/www.llhm.lu\/wp-content\/uploads\/iStock-670476928-Converti-150x113.jpg 150w, http:\/\/www.llhm.lu\/wp-content\/uploads\/iStock-670476928-Converti-285x214.jpg 285w\" sizes=\"(max-width: 206px) 100vw, 206px\" \/><\/figure><\/div>\n\n\n\n<p>Les personnes peuvent \u00eatre accompagn\u00e9es \u00e0 diff\u00e9rents moments dans leur projet d\u2019insertion:<\/p>\n\n\n\n<ul><li>Au moment de la construction du projet (qu\u2019il s\u2019agisse d\u2019une reprise d\u2019activit\u00e9 ou d\u2019un retour vers l\u2019emploi)<\/li><li>Au moment de la mise en pratique du projet<\/li><li>Au moment du maintien dans l\u2019activit\u00e9 ou dans l\u2019emploi<\/li><\/ul>\n\n\n\n<p>En outre, l\u2019usager pourra, selon son souhait et son besoin, participer \u00e0 des ateliers de groupes :<\/p>\n\n\n\n<ul><li>Ateliers li\u00e9s aux techniques de recherches d\u2019emploi (r\u00e9alisation de CV, lettres de motivation, simulation d\u2019entretien d\u2019embauches\u2026)<\/li><li>Ateliers th\u00e9matiques divers (r\u00e9orientation possible aupr\u00e8s de partenaires externes)<\/li><\/ul>\n\n\n\n<hr class=\"wp-block-separator\"\/>\n\n\n\n<div class=\"wp-block-image\"><figure class=\"alignleft size-large is-resized\"><img loading=\"lazy\" decoding=\"async\" src=\"http:\/\/www.llhm.lu\/wp-content\/uploads\/iStock-1097083328-Converti-1024x731.jpg\" alt=\"\" class=\"wp-image-985\" width=\"223\" height=\"159\" srcset=\"http:\/\/www.llhm.lu\/wp-content\/uploads\/iStock-1097083328-Converti-1024x731.jpg 1024w, http:\/\/www.llhm.lu\/wp-content\/uploads\/iStock-1097083328-Converti-300x214.jpg 300w, http:\/\/www.llhm.lu\/wp-content\/uploads\/iStock-1097083328-Converti-150x107.jpg 150w, http:\/\/www.llhm.lu\/wp-content\/uploads\/iStock-1097083328-Converti-1536x1097.jpg 1536w, http:\/\/www.llhm.lu\/wp-content\/uploads\/iStock-1097083328-Converti-2048x1463.jpg 2048w\" sizes=\"(max-width: 223px) 100vw, 223px\" \/><\/figure><\/div>\n\n\n\n<p><\/p>\n\n\n\n<p>Une personne avec une difficult\u00e9 psychiatrique est capable de travailler si elle trouve le bon emploi et le bon environnement de travail. Les capacit\u00e9s, les comp\u00e9tences et forces personnelles, la motivation des personnes suivies sont des ressources identifi\u00e9es pour trouver une activit\u00e9 professionnelle adapt\u00e9e. L\u2019autod\u00e9termination est une valeur cl\u00e9: chaque usager sera accompagn\u00e9 dans le respect de ses souhaits et de ses choix.<\/p>\n\n\n\n<hr class=\"wp-block-separator\"\/>\n\n\n\n<p><\/p>\n\n\n\n<p><strong>Pour prendre contact<\/strong><\/p>\n\n\n\n<p>Vous pouvez vous adresser au secr\u00e9tariat (<a href=\"tel:+352493029\">49 30 29<\/a>) qui prendra vos coordonn\u00e9es afin de vous inscrire sur notre liste d\u2019attente. Le Soutien \u00e0 l\u2019Emploi prendra directement contact avec vous pour vous proposer un rendez-vous. Vous pourrez venir au premier rendez-vous accompagn\u00e9 si vous le souhaitez.<\/p>\n","protected":false},"excerpt":{"rendered":"<p>Le service Soutien \u00e0 l\u2019Emploi s\u2019adresse \u00e0 toute personne qui pr\u00e9sente une fragilit\u00e9 psychique et qui : Ressent le besoin d\u2019une orientation professionnelle Souhaite \u00eatre accompagn\u00e9e dans ses d\u00e9marches administratives li\u00e9es \u00e0 sa situation professionnelle : Adem, Onis, Employeurs, Ateliers, etc. Aurait besoin d\u2019un soutien\/accompagnement dans son emploi Aurait besoin d\u2019une activation avant l\u2019emploi : <a href=\"http:\/\/www.llhm.lu\/?page_id=932\" rel=\"nofollow\"><span class=\"sr-only\">Read more about Soutien \u00e0 l&#8217;emploi<\/span>[&hellip;]<\/a><\/p>\n","protected":false},"author":1,"featured_media":0,"parent":0,"menu_order":0,"comment_status":"closed","ping_status":"closed","template":"","meta":{"footnotes":""},"_links":{"self":[{"href":"http:\/\/www.llhm.lu\/index.php?rest_route=\/wp\/v2\/pages\/932"}],"collection":[{"href":"http:\/\/www.llhm.lu\/index.php?rest_route=\/wp\/v2\/pages"}],"about":[{"href":"http:\/\/www.llhm.lu\/index.php?rest_route=\/wp\/v2\/types\/page"}],"author":[{"embeddable":true,"href":"http:\/\/www.llhm.lu\/index.php?rest_route=\/wp\/v2\/users\/1"}],"replies":[{"embeddable":true,"href":"http:\/\/www.llhm.lu\/index.php?rest_route=%2Fwp%2Fv2%2Fcomments&post=932"}],"version-history":[{"count":8,"href":"http:\/\/www.llhm.lu\/index.php?rest_route=\/wp\/v2\/pages\/932\/revisions"}],"predecessor-version":[{"id":986,"href":"http:\/\/www.llhm.lu\/index.php?rest_route=\/wp\/v2\/pages\/932\/revisions\/986"}],"wp:attachment":[{"href":"http:\/\/www.llhm.lu\/index.php?rest_route=%2Fwp%2Fv2%2Fmedia&parent=932"}],"curies":[{"name":"wp","href":"https:\/\/api.w.org\/{rel}","templated":true}]}}