{"id":57,"date":"2016-05-31T18:37:17","date_gmt":"2016-05-31T16:37:17","guid":{"rendered":"http:\/\/www.llhm.lu\/?page_id=57"},"modified":"2025-03-14T13:38:32","modified_gmt":"2025-03-14T12:38:32","slug":"la-ligue-luxembourgeoise-dhygiene-mentale","status":"publish","type":"page","link":"http:\/\/www.llhm.lu\/?page_id=57","title":{"rendered":"La Ligue"},"content":{"rendered":"<p><img loading=\"lazy\" decoding=\"async\" class=\"alignnone  wp-image-1542\" src=\"http:\/\/www.llhm.lu\/wp-content\/uploads\/LSM_Logo-rgb_colour-1024x387.png\" alt=\"\" width=\"309\" height=\"117\" srcset=\"http:\/\/www.llhm.lu\/wp-content\/uploads\/LSM_Logo-rgb_colour-1024x387.png 1024w, http:\/\/www.llhm.lu\/wp-content\/uploads\/LSM_Logo-rgb_colour-300x113.png 300w, http:\/\/www.llhm.lu\/wp-content\/uploads\/LSM_Logo-rgb_colour-150x57.png 150w, http:\/\/www.llhm.lu\/wp-content\/uploads\/LSM_Logo-rgb_colour-1536x580.png 1536w, http:\/\/www.llhm.lu\/wp-content\/uploads\/LSM_Logo-rgb_colour-2048x773.png 2048w\" sizes=\"(max-width: 309px) 100vw, 309px\" \/><\/p>\n<p style=\"text-align: justify;\"><strong>Les premiers statuts de la Ligue Luxembourgeoise d\u2019Hygi\u00e8ne Mentale ont \u00e9t\u00e9 publi\u00e9s au M\u00e9morial \u00ab\u00a0recueil sp\u00e9cial\u00a0\u00bb N\u00b017 le 24 mars 1956.<\/strong><\/p>\n<p style=\"text-align: justify;\">Elle reprenait de fait le mod\u00e8le de la \u00ab\u00a0Ligue Fran\u00e7aise de Prophylaxie et d\u2019Hygi\u00e8ne Mentale\u00a0\u00bb, cr\u00e9\u00e9e en 1921 et de la \u00ab Ligue Belge d\u2019Hygi\u00e8ne Mentale\u00a0\u00bb en 1922.<\/p>\n<p style=\"text-align: justify;\">Comme pour ces ligues l\u2019objectif \u00e9tait d\u2019abord humanitaire et de secours mais aussi l\u2019apport de soins pr\u00e9coces aux malades mentaux pour \u00e9viter leur hospitalisation qui \u00e0 l\u2019\u00e9poque n\u2019\u00e9tait possible que dans des asiles.<\/p>\n<p style=\"text-align: justify;\">Mais ces ligues avaient aussi des projets plus ambitieux et progressistes pour l\u2019\u00e9poque : maintien de la sant\u00e9 mentale de la population, d\u00e9pistage et pr\u00e9vention des pathologies mentales et cr\u00e9ation de dispensaires d\u2019hygi\u00e8ne mentale.<\/p>\n<p style=\"text-align: justify;\">Si les concepts principaux \u00e9taient pr\u00e9sents d\u00e8s les ann\u00e9es vingt ce n\u2019est qu\u2019apr\u00e8s la d\u00e9couverte de m\u00e9dicaments vraiment efficaces dans les maladies psychiatriques \u00e0 partir de 1952 que des r\u00e9alisations significatives ont \u00e9t\u00e9 possibles.<\/p>\n<hr \/>\n<p style=\"text-align: justify;\"><img loading=\"lazy\" decoding=\"async\" class=\" wp-image-219 alignleft\" src=\"http:\/\/www.llhm.lu\/wp-content\/uploads\/llhm-affiche-225x300.jpg\" alt=\"llhm-affiche\" width=\"482\" height=\"642\" srcset=\"http:\/\/www.llhm.lu\/wp-content\/uploads\/llhm-affiche-225x300.jpg 225w, http:\/\/www.llhm.lu\/wp-content\/uploads\/llhm-affiche-112x150.jpg 112w, http:\/\/www.llhm.lu\/wp-content\/uploads\/llhm-affiche.jpg 590w\" sizes=\"(max-width: 482px) 100vw, 482px\" \/><strong>A partir de 1956 on peut retenir quelques dates importantes pour la Ligue Luxembourgeoise d\u2019Hygi\u00e8ne Mentale\u00a0:<\/strong><\/p>\n<p style=\"text-align: justify;\">1960\u00a0: Cr\u00e9ation d\u2019un dispensaire d\u2019hygi\u00e8ne mentale<\/p>\n<p style=\"text-align: justify;\">1973\u00a0: Transformation du dispensaire en Centre de Sant\u00e9 Mentale et premiers postes conventionn\u00e9s avec le minist\u00e8re de la sant\u00e9<\/p>\n<p style=\"text-align: justify;\">1986\u00a0: Premier appartement th\u00e9rapeutique, avec un concept de logements individuels se d\u00e9marquant des mod\u00e8les de foyer tendant \u00e0 recr\u00e9er des mini h\u00f4pitaux.<\/p>\n<p style=\"text-align: justify;\">1989\u00a0: Cr\u00e9ation de l\u2019\u00ab\u00a0ATP asbl\u00a0\u00bb en coop\u00e9ration avec \u00ab R\u00e9seau-psy-Psychesch H\u00ebllef Dobaussen asbl\u00bb et le \u00ab\u00a0CERMM asbl\u00a0\u00bb.<br \/>\nDepuis cette association s\u2019est autonomis\u00e9e avec succ\u00e8s de m\u00eame que d\u2019autres associations \u00e0 la naissance desquelles la Ligue avait\u00a0particip\u00e9 dans le pass\u00e9 (\u2026.)<\/p>\n<p style=\"text-align: justify;\">1991\u00a0: Cr\u00e9ation du \u00ab\u00a0Centre d\u2019Information et de Pr\u00e9vention\u00a0\u00bb<\/p>\n<p style=\"text-align: justify;\">2002\u00a0: Cr\u00e9ation de la \u00ab\u00a0Berodungstell fir Stress op der Arbecht\u00a0\u00bb d\u2019abord en partenariat avec l\u2019OGBL puis avec la Chambre des Salari\u00e9s<\/p>\n<p style=\"text-align: justify;\">2005\u00a0: Cr\u00e9ation de la \u00ab Vernetzungsinitiativ fir Suizidpr\u00e4ventioun\u00a0\u00bb coordonn\u00e9e par le CIP et qui aboutira sur demande du minist\u00e8re de la sant\u00e9 \u00e0 la proposition d\u2019un \u00ab plan national de pr\u00e9vention du suicide \u00bb<\/p>\n<p style=\"text-align: justify;\">2006\u00a0: Obtention du statut d\u2019utilit\u00e9 publique<\/p>\n<p style=\"text-align: justify;\">2008\u00a0: Conventionnement avec la CNS pour les services\u00a0\u00ab\u00a0logement\u00a0\u00bb<\/p>\n<p style=\"text-align: justify;\">2013\u00a0: Reprise des services du CERMM qui se dissout<\/p>\n<hr \/>\n<p style=\"text-align: justify;\"><strong>Bien entendu cette \u00e9volution s\u2019est faite dans un contexte socio-politique plus favorable \u00e0 certaines \u00e9poques qu\u2019\u00e0 d\u2019autres.<\/strong><\/p>\n<p style=\"text-align: justify;\">On peut retenir notamment la cr\u00e9ation du premier service de psychiatrie en h\u00f4pital g\u00e9n\u00e9ral au Centre Hospitalier de Luxembourg d\u00e9cid\u00e9e en 1975.<\/p>\n<p style=\"text-align: justify;\">Le rapport du professeur H\u00e4fner command\u00e9 par Johny Lahure, publi\u00e9 en 1993, et qui pr\u00e9conise la d\u00e9centralisation de la psychiatrie est le document \u00e0 la base de la \u00ab\u00a0r\u00e9forme de la psychiatrie\u00a0\u00bb<\/p>\n<p style=\"text-align: justify;\">La d\u00e9cision minist\u00e9rielle de Mars Di Bartolomeo en 2005 qui fait que les admissions psychiatriques urgentes et non volontaires (\u00ab\u00a0placement en observation\u00a0\u00bb) ne se feront plus que dans les services de psychiatrie des h\u00f4pitaux r\u00e9gionaux peut \u00eatre consid\u00e9r\u00e9e comme le point de basculement de l\u2019ancien dans le nouveau syst\u00e8me.<\/p>\n<hr \/>\n<p style=\"text-align: justify;\"><strong>La continuit\u00e9 des concepts\u00a0:<\/strong><\/p>\n<p style=\"text-align: justify;\">La Ligue est n\u00e9e non-confessionnelle et apolitique avec des r\u00e9f\u00e9rences scientifiques et est rest\u00e9e fid\u00e8le \u00e0 des valeurs humanistes. A travers son histoire on retrouve une constance dans quelques id\u00e9es fortes\u00a0:<\/p>\n<p style=\"text-align: justify;\">Une approche communautaire\u00a0:<br \/>\nLe maintien dans la communaut\u00e9, dans leur milieu naturel, des patients psychiatriques est aujourd\u2019hui devenue une \u00e9vidence. Jusque dans les ann\u00e9es 1960 et 1970 c\u2019est l\u2019\u00e9loignement \u00e0 l\u2019h\u00f4pital psychiatrique qui \u00e9tait privil\u00e9gi\u00e9. L\u2019action de la ligue s\u2019inscrivait alors dans un courant qui \u00e9tait consid\u00e9r\u00e9 comme subversif. On ne peut<br \/>\nque se r\u00e9jouir de l\u2019\u00e9volution qui s\u2019est produite mais il faut rester vigilant car apparaissent de nouvelles formes d\u2019exclusion.<\/p>\n<p style=\"text-align: justify;\">Une prise en charge de qualit\u00e9 accessible \u00e0 tous\u00a0:<img loading=\"lazy\" decoding=\"async\" class=\"wp-image-1545  alignright\" src=\"http:\/\/www.llhm.lu\/wp-content\/uploads\/LSM_Logo-rgb_Monochrome-darkblue-1024x387.png\" alt=\"\" width=\"468\" height=\"177\" srcset=\"http:\/\/www.llhm.lu\/wp-content\/uploads\/LSM_Logo-rgb_Monochrome-darkblue-1024x387.png 1024w, http:\/\/www.llhm.lu\/wp-content\/uploads\/LSM_Logo-rgb_Monochrome-darkblue-300x113.png 300w, http:\/\/www.llhm.lu\/wp-content\/uploads\/LSM_Logo-rgb_Monochrome-darkblue-150x57.png 150w, http:\/\/www.llhm.lu\/wp-content\/uploads\/LSM_Logo-rgb_Monochrome-darkblue-1536x580.png 1536w, http:\/\/www.llhm.lu\/wp-content\/uploads\/LSM_Logo-rgb_Monochrome-darkblue-2048x773.png 2048w\" sizes=\"(max-width: 468px) 100vw, 468px\" \/><\/p>\n<p style=\"text-align: justify;\">Les maladies mentales entra\u00eenent souvent une diminution des moyens financiers des patients. Cela a toujours \u00e9t\u00e9 une pr\u00e9occupation pour la Ligue de rendre les soins accessibles \u00e0 tous. De nos jours outre les dons (d\u00e9ductibles du revenu imposable) ceci est rendu possible par des conventions avec le minist\u00e8re de la sant\u00e9 et avec la Caisse Nationale de Sant\u00e9. Nous avons aussi \u00e0 c\u0153ur d\u2019offrir la meilleure qualit\u00e9 aussi bien au niveau des prises en charge que des locaux.<\/p>\n<p style=\"text-align: justify;\">Le travail en \u00e9quipe pluridisciplinaire\u00a0:<br \/>\nDepuis l\u2019origine la Ligue Luxembourgeoise d\u2019Hygi\u00e8ne Mentale\u00a0s\u2019est souci\u00e9e de fournir un cadre hors de l\u2019h\u00f4pital \u00e0 cette approche. En effet les troubles psychiques sont li\u00e9s \u00e0 de nombreux probl\u00e8mes dans diff\u00e9rents domaines et une prise en charge int\u00e9gr\u00e9e par une \u00e9quipe comportant diff\u00e9rents professionnels est plus efficace que des actions de soins juxtapos\u00e9es. Actuellement ces professionnels sont psychiatres, psychologues, p\u00e9dagogues, psychomotriciens, assistants sociaux, infirmiers, ergoth\u00e9rapeutes, art-th\u00e9rapeutes, \u00e9ducateurs, secr\u00e9taires, secr\u00e9taires-comptables.<\/p>\n","protected":false},"excerpt":{"rendered":"<p>Les premiers statuts de la Ligue Luxembourgeoise d\u2019Hygi\u00e8ne Mentale ont \u00e9t\u00e9 publi\u00e9s au M\u00e9morial \u00ab\u00a0recueil sp\u00e9cial\u00a0\u00bb N\u00b017 le 24 mars 1956. Elle reprenait de fait le mod\u00e8le de la \u00ab\u00a0Ligue Fran\u00e7aise de Prophylaxie et d\u2019Hygi\u00e8ne Mentale\u00a0\u00bb, cr\u00e9\u00e9e en 1921 et de la \u00ab Ligue Belge d\u2019Hygi\u00e8ne Mentale\u00a0\u00bb en 1922. Comme pour ces ligues l\u2019objectif \u00e9tait <a href=\"http:\/\/www.llhm.lu\/?page_id=57\" rel=\"nofollow\"><span class=\"sr-only\">Read more about La Ligue<\/span>[&hellip;]<\/a><\/p>\n","protected":false},"author":1,"featured_media":0,"parent":0,"menu_order":0,"comment_status":"closed","ping_status":"closed","template":"template-fullwidth.php","meta":{"footnotes":""},"_links":{"self":[{"href":"http:\/\/www.llhm.lu\/index.php?rest_route=\/wp\/v2\/pages\/57"}],"collection":[{"href":"http:\/\/www.llhm.lu\/index.php?rest_route=\/wp\/v2\/pages"}],"about":[{"href":"http:\/\/www.llhm.lu\/index.php?rest_route=\/wp\/v2\/types\/page"}],"author":[{"embeddable":true,"href":"http:\/\/www.llhm.lu\/index.php?rest_route=\/wp\/v2\/users\/1"}],"replies":[{"embeddable":true,"href":"http:\/\/www.llhm.lu\/index.php?rest_route=%2Fwp%2Fv2%2Fcomments&post=57"}],"version-history":[{"count":12,"href":"http:\/\/www.llhm.lu\/index.php?rest_route=\/wp\/v2\/pages\/57\/revisions"}],"predecessor-version":[{"id":1547,"href":"http:\/\/www.llhm.lu\/index.php?rest_route=\/wp\/v2\/pages\/57\/revisions\/1547"}],"wp:attachment":[{"href":"http:\/\/www.llhm.lu\/index.php?rest_route=%2Fwp%2Fv2%2Fmedia&parent=57"}],"curies":[{"name":"wp","href":"https:\/\/api.w.org\/{rel}","templated":true}]}}