{"id":171,"date":"2016-06-01T14:45:34","date_gmt":"2016-06-01T12:45:34","guid":{"rendered":"http:\/\/www.llhm.lu\/?page_id=171"},"modified":"2021-06-01T09:52:10","modified_gmt":"2021-06-01T07:52:10","slug":"services-de-jour","status":"publish","type":"page","link":"http:\/\/www.llhm.lu\/?page_id=171","title":{"rendered":"Service de jour"},"content":{"rendered":"\n<div class=\"wp-block-image\"><figure class=\"alignright size-large is-resized\"><img loading=\"lazy\" decoding=\"async\" src=\"http:\/\/www.llhm.lu\/wp-content\/uploads\/iStock-541975802-1024x683.jpg\" alt=\"\" class=\"wp-image-973\" width=\"404\" height=\"269\" srcset=\"http:\/\/www.llhm.lu\/wp-content\/uploads\/iStock-541975802-1024x683.jpg 1024w, http:\/\/www.llhm.lu\/wp-content\/uploads\/iStock-541975802-300x200.jpg 300w, http:\/\/www.llhm.lu\/wp-content\/uploads\/iStock-541975802-150x100.jpg 150w, http:\/\/www.llhm.lu\/wp-content\/uploads\/iStock-541975802-1536x1025.jpg 1536w, http:\/\/www.llhm.lu\/wp-content\/uploads\/iStock-541975802-2048x1367.jpg 2048w, http:\/\/www.llhm.lu\/wp-content\/uploads\/iStock-541975802-750x500.jpg 750w\" sizes=\"(max-width: 404px) 100vw, 404px\" \/><\/figure><\/div>\n\n\n\n<p>Le service de jour propose un traitement ambulatoire des troubles psychiatriques \u00e0 travers un programme d\u2019activit\u00e9s adapt\u00e9 \u00e0 chaque personne. Int\u00e9gr\u00e9e dans le tissu urbain cette structure de soin est facilement accessible par les transports en commun.<\/p>\n\n\n\n<p>Le programme du Service de jour vise:<\/p>\n\n\n\n<ul><li>la r\u00e9habilitation psycho-sociale<\/li><li>l\u2019autonomisation la plus compl\u00e8te des patients<\/li><\/ul>\n\n\n\n<p>A travers des activit\u00e9s th\u00e9rapeutiques de: <\/p>\n\n\n\n<ul><li>structuration<\/li><li>cr\u00e9ativit\u00e9<\/li><li>verbalisation<\/li><li>remobilisation\nphysique et cognitive<\/li><\/ul>\n\n\n\n<hr class=\"wp-block-separator\"\/>\n\n\n\n<p><strong>Ce que nous\noffrons:<\/strong><\/p>\n\n\n\n<div class=\"wp-block-image\"><figure class=\"alignright size-large is-resized\"><img loading=\"lazy\" decoding=\"async\" src=\"http:\/\/www.llhm.lu\/wp-content\/uploads\/iStock-927473770-1024x684.jpg\" alt=\"\" class=\"wp-image-976\" width=\"406\" height=\"270\" srcset=\"http:\/\/www.llhm.lu\/wp-content\/uploads\/iStock-927473770-1024x684.jpg 1024w, http:\/\/www.llhm.lu\/wp-content\/uploads\/iStock-927473770-300x200.jpg 300w, http:\/\/www.llhm.lu\/wp-content\/uploads\/iStock-927473770-150x100.jpg 150w, http:\/\/www.llhm.lu\/wp-content\/uploads\/iStock-927473770-1536x1025.jpg 1536w, http:\/\/www.llhm.lu\/wp-content\/uploads\/iStock-927473770-2048x1367.jpg 2048w, http:\/\/www.llhm.lu\/wp-content\/uploads\/iStock-927473770-750x500.jpg 750w\" sizes=\"(max-width: 406px) 100vw, 406px\" \/><\/figure><\/div>\n\n\n\n<ul><li>Un espace\nth\u00e9rapeutique bienveillant et chaleureux<\/li><li>Une prise\nen charge \u00e0 partir d\u2019un projet individualis\u00e9 et personnalis\u00e9<\/li><\/ul>\n\n\n\n<p>Pour r\u00e9aliser votre projet vous serez soutenu par une \u00e9quipe\npluridisciplinaire et dynamique constitu\u00e9e de diff\u00e9rentes professions:<\/p>\n\n\n\n<ul><li>infirmier(e)s\npsychiatriques<\/li><li>infirmier(e)s<\/li><li>\u00e9ducateur(trice)s\ngradu\u00e9(e)s<\/li><li>\u00e9ducateur(trice)s\ndipl\u00f4m\u00e9(e)s<\/li><li>ergoth\u00e9rapeutes<\/li><li>assistant(e)s\nsociaux(ales)<\/li><li>psychiatre<\/li><li>psychologue<\/li><\/ul>\n\n\n\n<p>Les diff\u00e9rentes activit\u00e9s en groupe sont propos\u00e9es du lundi\nau vendredi de 8h30 \u00e0 16h00. Durant les rendez-vous d\u2019admission, le programme\nest expliqu\u00e9 en d\u00e9tail, les objectifs th\u00e9rapeutiques sont fix\u00e9s et une date de\nd\u00e9but est convenue.<\/p>\n\n\n\n<hr class=\"wp-block-separator\"\/>\n\n\n\n<p><strong>La th\u00e9rapie<\/strong><\/p>\n\n\n\n<div class=\"wp-block-image\"><figure class=\"alignright size-large is-resized\"><img loading=\"lazy\" decoding=\"async\" src=\"http:\/\/www.llhm.lu\/wp-content\/uploads\/iStock-814596244-1024x683.jpg\" alt=\"\" class=\"wp-image-979\" width=\"400\" height=\"266\" srcset=\"http:\/\/www.llhm.lu\/wp-content\/uploads\/iStock-814596244-1024x683.jpg 1024w, http:\/\/www.llhm.lu\/wp-content\/uploads\/iStock-814596244-300x200.jpg 300w, http:\/\/www.llhm.lu\/wp-content\/uploads\/iStock-814596244-150x100.jpg 150w, http:\/\/www.llhm.lu\/wp-content\/uploads\/iStock-814596244-1536x1024.jpg 1536w, http:\/\/www.llhm.lu\/wp-content\/uploads\/iStock-814596244-2048x1365.jpg 2048w, http:\/\/www.llhm.lu\/wp-content\/uploads\/iStock-814596244-750x500.jpg 750w\" sizes=\"(max-width: 400px) 100vw, 400px\" \/><\/figure><\/div>\n\n\n\n<p>Les axes th\u00e9rapeutiques exploit\u00e9s sont entre autres\nl\u2019entra\u00eenement ou le d\u00e9veloppement des comp\u00e9tences sociales, la structuration\ndu temps et de l\u2019espace, la gestion des sympt\u00f4mes, la d\u00e9couverte d\u2019activit\u00e9s\nsportives, artistiques et culturelles.<\/p>\n\n\n\n<p>Votre projet Service de jour inclura:<\/p>\n\n\n\n<ul><li>diverses\nactivit\u00e9s de groupe adapt\u00e9es \u00e0 votre probl\u00e9matique<\/li><li>des\nentretiens individuels avec une personne de r\u00e9f\u00e9rence<\/li><li>un bilan\nsocial et infirmier<\/li><li>des\n\u00e9valuations r\u00e9guli\u00e8res<\/li><li>un travail\nde lien avec votre r\u00e9seau de soins<\/li><li>une\npossibilit\u00e9 de suivi infirmier: gestion de traitement en lien avec le\nprescripteur, psycho\u00e9ducation en lien avec la maladie<\/li><\/ul>\n\n\n\n<hr class=\"wp-block-separator\"\/>\n\n\n\n<div class=\"wp-block-image\"><figure class=\"alignright size-large is-resized\"><img loading=\"lazy\" decoding=\"async\" src=\"http:\/\/www.llhm.lu\/wp-content\/uploads\/iStock-1024073052-1024x703.jpg\" alt=\"\" class=\"wp-image-980\" width=\"416\" height=\"285\" srcset=\"http:\/\/www.llhm.lu\/wp-content\/uploads\/iStock-1024073052-1024x703.jpg 1024w, http:\/\/www.llhm.lu\/wp-content\/uploads\/iStock-1024073052-300x206.jpg 300w, http:\/\/www.llhm.lu\/wp-content\/uploads\/iStock-1024073052-150x103.jpg 150w, http:\/\/www.llhm.lu\/wp-content\/uploads\/iStock-1024073052-1536x1054.jpg 1536w, http:\/\/www.llhm.lu\/wp-content\/uploads\/iStock-1024073052-2048x1406.jpg 2048w\" sizes=\"(max-width: 416px) 100vw, 416px\" \/><\/figure><\/div>\n\n\n\n<p><strong>Quand le\ntraitement est-il indiqu\u00e9 ?<\/strong><\/p>\n\n\n\n<ul><li>apr\u00e8s une\nhospitalisation ou une cure<\/li><li>sur avis\nm\u00e9dical ou psychoth\u00e9rapeutique<\/li><li>suite \u00e0 une\norientation par un autre service ambulatoire.<\/li><\/ul>\n\n\n\n<hr class=\"wp-block-separator\"\/>\n\n\n\n<p><strong>Quels\ntroubles psychiatriques sont principalement pris en charge ?<\/strong><\/p>\n\n\n\n<ul><li>Psychoses<\/li><li>Troubles de\nl\u2019humeur<\/li><li>Troubles\nanxieux<\/li><li>Troubles de\nla personnalit\u00e9<\/li><li>Troubles de\nl\u2019adaptation<\/li><\/ul>\n\n\n\n<hr class=\"wp-block-separator\"\/>\n\n\n\n<p><strong>Pour\nprendre contact<\/strong><\/p>\n\n\n\n<p>Vous pouvez vous adresser au secr\u00e9tariat (<a href=\"tel:+352493029\">49 30 29<\/a>) pour fixer un rendez-vous d\u2019admission dans les meilleurs d\u00e9lais.<\/p>\n","protected":false},"excerpt":{"rendered":"<p>Le service de jour propose un traitement ambulatoire des troubles psychiatriques \u00e0 travers un programme d\u2019activit\u00e9s adapt\u00e9 \u00e0 chaque personne. Int\u00e9gr\u00e9e dans le tissu urbain cette structure de soin est facilement accessible par les transports en commun. Le programme du Service de jour vise: la r\u00e9habilitation psycho-sociale l\u2019autonomisation la plus compl\u00e8te des patients A travers <a href=\"http:\/\/www.llhm.lu\/?page_id=171\" rel=\"nofollow\"><span class=\"sr-only\">Read more about Service de jour<\/span>[&hellip;]<\/a><\/p>\n","protected":false},"author":1,"featured_media":0,"parent":0,"menu_order":0,"comment_status":"closed","ping_status":"closed","template":"template-fullwidth.php","meta":{"footnotes":""},"_links":{"self":[{"href":"http:\/\/www.llhm.lu\/index.php?rest_route=\/wp\/v2\/pages\/171"}],"collection":[{"href":"http:\/\/www.llhm.lu\/index.php?rest_route=\/wp\/v2\/pages"}],"about":[{"href":"http:\/\/www.llhm.lu\/index.php?rest_route=\/wp\/v2\/types\/page"}],"author":[{"embeddable":true,"href":"http:\/\/www.llhm.lu\/index.php?rest_route=\/wp\/v2\/users\/1"}],"replies":[{"embeddable":true,"href":"http:\/\/www.llhm.lu\/index.php?rest_route=%2Fwp%2Fv2%2Fcomments&post=171"}],"version-history":[{"count":8,"href":"http:\/\/www.llhm.lu\/index.php?rest_route=\/wp\/v2\/pages\/171\/revisions"}],"predecessor-version":[{"id":981,"href":"http:\/\/www.llhm.lu\/index.php?rest_route=\/wp\/v2\/pages\/171\/revisions\/981"}],"wp:attachment":[{"href":"http:\/\/www.llhm.lu\/index.php?rest_route=%2Fwp%2Fv2%2Fmedia&parent=171"}],"curies":[{"name":"wp","href":"https:\/\/api.w.org\/{rel}","templated":true}]}}